{"version":"1.0","type":"rich","provider_name":"Context XXI","provider_url":"http:\/\/contextxxi.org","title":"Von W\u00f6lfen, Pelzen und abwesenden \u201eroot causes\u201c\n","author_name":"Martin&nbsp;Birkner","width":"1200","height":"800","url":"https:\/\/contextxxi.org\/von-wolfen-pelzen-und-abwesenden.html","html":"\u003Ch4 class='title'\u003E\u003Ca href='https:\/\/contextxxi.org\/von-wolfen-pelzen-und-abwesenden.html'\u003EVon W\u00f6lfen, Pelzen und abwesenden \u201eroot causes\u201c\n\u003C\/a\u003E\u003C\/h4\u003E\u003Cblockquote class='spip'\u003E\u003Cp\u003EDie Zusammenh\u00e4nge und Verwicklungen der beiden Ph\u00e4nomene Antisemitsimus und Islamophobie unter Ber\u00fccksichtigung ihrer Verschiedenheit und ihrer unterschiedlichen Ursachen zu beleuchten ist das Ziel des Sammelbandes. Damit aber nicht genug, fokussieren die darin versammelten Beitr\u00e4ge \u2013 wie der Untertitel bereits verr\u00e4t \u2013 sowohl auf europ\u00e4ische Verh\u00e4ltnisse als auch auf jene im Nahen Osten. Nicht gerade wenig also haben sich die HerausgeberInnen vorgenommen, und tats\u00e4chlich bietet das Buch vielschichtige Einblicke in zwei der wohl brisantesten und umstrittensten politischen Thematiken der Gegenwart.\u003C\/p\u003E\u003C\/blockquote\u003E\n"}